{"id":56575,"date":"2026-09-02T14:35:50","date_gmt":"2026-09-02T18:35:50","guid":{"rendered":"https:\/\/ehrc.ca\/workforce-alliance\/"},"modified":"2026-09-02T15:21:36","modified_gmt":"2026-09-02T19:21:36","slug":"alliance-main-doeuvre","status":"publish","type":"page","link":"https:\/\/ehrc.ca\/fr\/alliance-main-doeuvre\/","title":{"rendered":"Alliance de la main-d\u2019\u0153uvre du secteur de l\u2019\u00e9nergie et de l\u2019\u00e9lectricit\u00e9"},"content":{"rendered":"","protected":false},"excerpt":{"rendered":"","protected":false},"author":36,"featured_media":0,"parent":0,"menu_order":0,"comment_status":"closed","ping_status":"closed","template":"template-landing-page.php","meta":{"_acf_changed":false,"_relevanssi_hide_post":"","_relevanssi_hide_content":"","_relevanssi_pin_for_all":"","_relevanssi_pin_keywords":"","_relevanssi_unpin_keywords":"","_relevanssi_related_keywords":"","_relevanssi_related_include_ids":"","_relevanssi_related_exclude_ids":"","_relevanssi_related_no_append":"","_relevanssi_related_not_related":"","_relevanssi_related_posts":"","_relevanssi_noindex_reason":"","footnotes":""},"categories":[],"class_list":["post-56575","page","type-page","status-publish","hentry"],"acf":{"page_header":{"":null,"description":"B\u00e2tir la main-d\u2019\u0153uvre n\u00e9cessaire pour alimenter l\u2019avenir \u00e9nerg\u00e9tique du Canada.","link":null,"image_id":44439,"image_alt_text":"Technicians working at a wind turbine electricity facility at night"},"pagebuilder":[{"acf_fc_layout":"content_block","background_colour":"--ehrc-white","heading":"Notre avenir \u00e9nerg\u00e9tique repose sur notre population","description":"","rows":[{"acf_fc_layout":"two_columns","column_1":{"type":"text","content":"<p class=\"body-large\">Les secteurs de l\u2019\u00e9nergie et de l\u2019\u00e9lectricit\u00e9 du Canada connaissent une forte croissance, ce qui accro\u00eet la demande de travailleurs et travailleuses qualifi\u00e9s dans les domaines de l\u2019\u00e9nergie conventionnelle, de l\u2019\u00e9lectricit\u00e9, des \u00e9nergies renouvelables, du nucl\u00e9aire et des technologies \u00e9mergentes.<\/p>\r\n<p class=\"body-large\">L\u2019Alliance de la main-d\u2019\u0153uvre du secteur de l\u2019\u00e9nergie et de l\u2019\u00e9lectricit\u00e9 rassemble des chefs de file de l\u2019industrie et des partenaires du d\u00e9veloppement de la main-d\u2019\u0153uvre afin de relever les d\u00e9fis li\u00e9s \u00e0 l\u2019emploi et de contribuer \u00e0 ce que le Canada dispose des talents n\u00e9cessaires pour soutenir les grands projets, la croissance \u00e9conomique et la s\u00e9curit\u00e9 \u00e9nerg\u00e9tique \u00e0 long terme.<\/p>\r\n<p class=\"body-large\">L\u2019Alliance est <a href=\"https:\/\/www.canada.ca\/fr\/emploi-developpement-social\/programmes\/alliances-main-doeuvre.html\" target=\"_blank\" rel=\"noopener\">l\u2019une des six alliances nationales de la main-d\u2019\u0153uvre<\/a> soutenues par le gouvernement du Canada et ax\u00e9es sur des secteurs d\u2019importance strat\u00e9gique pour l\u2019\u00e9conomie canadienne.<\/p>","aspect_ratio":"4:3","visual_accent":false,"":null,"image_id":null,"image_alt_text":""},"column_2":{"type":"image","content":"","aspect_ratio":"4_3","visual_accent":true,"":null,"image_id":54938,"image_alt_text":"A group of Robotics engineers working with programming and manipulating robot hand"}}],"custom_navigation_label":""},{"acf_fc_layout":"content_block","background_colour":"--ehrc-white","heading":"\u00c0 propos du secteur canadien de l\u2019\u00e9nergie et de l\u2019\u00e9lectricit\u00e9","description":"","rows":[{"acf_fc_layout":"two_columns","column_1":{"type":"text","content":"Le syst\u00e8me \u00e9nerg\u00e9tique canadien constitue un pilier de l\u2019\u00e9conomie nationale et soutient les travailleurs, les travailleuses et les collectivit\u00e9s partout au pays. Il englobe les secteurs p\u00e9trolier et gazier, l\u2019\u00e9lectricit\u00e9 ainsi que les technologies d\u2019\u00e9nergie renouvelable, contribuant ainsi \u00e0 r\u00e9pondre \u00e0 la demande croissante d\u2019\u00e9nergie au Canada et \u00e0 l\u2019\u00e9chelle mondiale.\r\n\r\n\u00c0 mesure que le secteur \u00e9volue et que de grands projets progressent, la capacit\u00e9 de la main-d\u2019\u0153uvre sera essentielle pour permettre au Canada de construire, d\u2019exploiter et d\u2019entretenir les infrastructures n\u00e9cessaires \u00e0 sa croissance future.\r\n<h5>Faits saillants<\/h5>\r\n<ul>\r\n \t<li>Contribution de\u00a0232 milliards de dollars\u00a0au PIB du Canada en 2024.<\/li>\r\n \t<li>316 200 travailleurs et travailleuses\u00a0employ\u00e9s dans l\u2019ensemble du secteur en 2024.<\/li>\r\n \t<li>L\u2019\u00e9nergie repr\u00e9sente environ\u00a0le quart des exportations canadiennes.<\/li>\r\n \t<li>Le Canada pr\u00e9voit\u00a0doubler la taille de son r\u00e9seau \u00e9lectrique d\u2019ici 2050\u00a0afin de r\u00e9pondre \u00e0 une demande croissante.<\/li>\r\n \t<li>Le secteur comprend l\u2019\u00e9nergie conventionnelle, l\u2019\u00e9lectricit\u00e9, les \u00e9nergies renouvelables, le nucl\u00e9aire et les technologies \u00e9mergentes.<\/li>\r\n<\/ul>","aspect_ratio":"4:3","visual_accent":false,"":null,"image_id":null,"image_alt_text":""},"column_2":{"type":"image","content":"","aspect_ratio":"4_3","visual_accent":true,"":null,"image_id":56569,"image_alt_text":"Worker in hard hat and safety vest using a two-way radio at an industrial facility."}}],"custom_navigation_label":""},{"acf_fc_layout":"content_block","background_colour":"--ehrc-white","heading":"R\u00e9pondre \u00e0 la demande de talents","description":"","rows":[{"acf_fc_layout":"two_columns","column_1":{"type":"text","content":"Le secteur entre dans une p\u00e9riode de croissance et de transformation importantes. L\u2019augmentation de la demande d\u2019\u00e9lectricit\u00e9, les investissements majeurs dans les infrastructures et l\u2019expansion des projets \u00e9nerg\u00e9tiques accroissent les besoins en main-d\u2019\u0153uvre qualifi\u00e9e partout au pays.\r\n\r\nParall\u00e8lement, les employeurs font face \u00e0 des pressions croissantes. La concurrence pour attirer les talents s\u2019intensifie, les p\u00e9nuries de main-d\u2019\u0153uvre persistent dans plusieurs professions essentielles et les contraintes r\u00e9gionales continuent de compliquer le recrutement et la r\u00e9tention du personnel. Des monteurs de lignes aux ing\u00e9nieurs m\u00e9caniques, de nombreux postes demeurent difficiles \u00e0 pourvoir.\r\n\r\nAlors que le Canada travaille \u00e0 d\u00e9velopper ses infrastructures \u00e9nerg\u00e9tiques et \u00e0 r\u00e9pondre aux besoins futurs, il sera essentiel d\u2019attirer, de former et de retenir des travailleurs et travailleuses qualifi\u00e9s afin de soutenir la croissance et la r\u00e9ussite du secteur.","aspect_ratio":"4:3","visual_accent":false,"":null,"image_id":null,"image_alt_text":""},"column_2":{"type":"image","content":"","aspect_ratio":"4_3","visual_accent":true,"":null,"image_id":44427,"image_alt_text":"Two workers in orange vests and helmets inspect solar panels in a sunny field."}}],"custom_navigation_label":""},{"acf_fc_layout":"content_block","background_colour":"--ehrc-white","heading":"\u00c0 propos de l\u2019Alliance de la main-d\u2019\u0153uvre","description":"","rows":[{"acf_fc_layout":"two_columns","column_1":{"type":"text","content":"L\u2019Alliance de la main-d\u2019\u0153uvre du secteur de l\u2019\u00e9nergie et de l\u2019\u00e9lectricit\u00e9 est une initiative nationale de collaboration qui r\u00e9unit des employeurs, des repr\u00e9sentants syndicaux, des \u00e9tablissements d\u2019enseignement, des partenaires autochtones, des associations sectorielles et d\u2019autres intervenants afin de cerner les priorit\u00e9s en mati\u00e8re de main-d\u2019\u0153uvre et de soutenir des solutions dirig\u00e9es par l\u2019industrie.\r\n<h5><strong>Les priorit\u00e9s de l\u2019Alliance<\/strong><\/h5>\r\n<ul>\r\n \t<li>Planification de la main-d\u2019\u0153uvre et information sur le march\u00e9 du travail<\/li>\r\n \t<li>D\u00e9veloppement des comp\u00e9tences, perfectionnement et requalification<\/li>\r\n \t<li>Mobilit\u00e9 de la main-d\u2019\u0153uvre entre les r\u00e9gions<\/li>\r\n \t<li>Soutien \u00e0 la participation des groupes sous-repr\u00e9sent\u00e9s<\/li>\r\n \t<li>Arrimage du d\u00e9veloppement de la main-d\u2019\u0153uvre avec les besoins \u00e9mergents du secteur<\/li>\r\n<\/ul>\r\n<strong><a class=\"wysiwyg-button button-secondary\" href=\"https:\/\/ehrc.ca\/fr\/lancement-de-lalliance-pour-la-main-doeuvre-de-lenergie-et-de-lelectricite-afin-de-consolider-le-statut-de-superpuissance-energetique-du-canada\/\">Lire l\u2019annonce<\/a><\/strong>","aspect_ratio":"4:3","visual_accent":false,"":null,"image_id":null,"image_alt_text":""},"column_2":{"type":"image","content":"","aspect_ratio":"4_3","visual_accent":true,"":null,"image_id":54932,"image_alt_text":"Software engineers collaborating on a project, analyzing code on computer monitors in office"}}],"custom_navigation_label":""},{"acf_fc_layout":"logo_garden","display_options":{"visible_sponsor_name":false,"descriptors":true,"links":true},"heading":"Partenaires","description":"L\u2019Alliance est dirig\u00e9e par le R\u00e9seau de ressources humaines de l\u2019industrie \u00e9lectrique du Canada (RHIEC), en partenariat avec le Conseil canadien de l\u2019\u00e9nergie et l\u2019Association canadienne de l\u2019\u00e9nergie renouvelable (CanREA). Ensemble, nous mobilisons des partenaires provenant de l\u2019ensemble de l\u2019\u00e9cosyst\u00e8me \u00e9nerg\u00e9tique canadien afin de favoriser la collaboration, le partage d\u2019information et l\u2019\u00e9laboration de solutions en mati\u00e8re de main-d\u2019\u0153uvre adapt\u00e9es \u00e0 l\u2019\u00e9volution des besoins du secteur.","rows":[{"acf_fc_layout":"three_columns","column_1":{"sponsor_name":"EHRC","image_id":53233,"":null,"descriptor":"Organisme responsable de la mise en \u0153uvre","link_url":"https:\/\/ehrc.ca\/fr"},"column_2":{"sponsor_name":"\u2022\tConseil canadien de l\u2019\u00e9nergie ","image_id":56542,"":null,"descriptor":"Partenaire","link_url":"https:\/\/energy.ca"},"column_3":{"sponsor_name":"\u2022\tAssociation canadienne de l\u2019\u00e9nergie renouvelable","image_id":56544,"":null,"descriptor":"Partenaire","link_url":"https:\/\/renewablesassociation.ca\/fr\/"}}],"custom_navigation_label":""},{"acf_fc_layout":"columned_icon_cards","heading":"Ambassadeurs","description":"","link":"","icon_rows":[{"icon_cards":[{"image_id":null,"image_alt_text":"","image_size":"small","heading":"Steven Murphy","content":"President and Vice-Chancellor\r\n<strong>Ontario Tech University<\/strong>","link":null,"custom_navigation_label":""},{"image_id":null,"image_alt_text":"","image_size":"small","heading":"Russ Shewchuk","content":"International Vice President\r\n<strong>International Brotherhood of Electrical Workers Canada <\/strong>","link":null,"custom_navigation_label":""},{"image_id":null,"image_alt_text":"","image_size":"small","heading":"Jennifer Williams","content":"President and CEO\r\n<strong>Newfoundland and Labrador Hydro <\/strong>","link":null,"custom_navigation_label":""}]}],"custom_navigation_label":""},{"acf_fc_layout":"columned_icon_cards","heading":"Conseil consultatif strat\u00e9gique national","description":"","link":"","icon_rows":[{"icon_cards":[{"image_id":null,"image_alt_text":"","image_size":"small","heading":"Patrick Campbell","content":"Canadian Regional Director\r\n<strong>International Union of Operating Engineers (IUOE)<\/strong>","link":null,"custom_navigation_label":""},{"image_id":null,"image_alt_text":"","image_size":"small","heading":"Ernest Douglas","content":"President and CEO\r\n<strong>Qulliq Energy Corporation<\/strong>","link":null,"custom_navigation_label":""},{"image_id":null,"image_alt_text":"","image_size":"small","heading":"Maureen Haan","content":"President and CEO\r\n<strong>Canadian Council on Rehabilitation and Work (CCRW)<\/strong>","link":null,"custom_navigation_label":""},{"image_id":null,"image_alt_text":"","image_size":"small","heading":"James Jenkins","content":"Executive Director\r\n<strong>Indigenous Clean Energy<\/strong>","link":null,"custom_navigation_label":""},{"image_id":null,"image_alt_text":"","image_size":"small","heading":"Charlotte Mitha","content":"President and CEO\r\n<strong>BC Hydro<\/strong>","link":null,"custom_navigation_label":""},{"image_id":null,"image_alt_text":"","image_size":"small","heading":"Joanna Osawe","content":"President and CEO\r\n<strong>Women in Renewable Energy<\/strong>","link":null,"custom_navigation_label":""},{"image_id":null,"image_alt_text":"","image_size":"small","heading":"Joy Romero","content":"Executive Advisor\r\n<strong>Canadian Natural<\/strong>","link":null,"custom_navigation_label":""},{"image_id":null,"image_alt_text":"","image_size":"small","heading":"Marc Richard","content":"EVP\r\n<strong>Borea Construction<\/strong>","link":null,"custom_navigation_label":""},{"image_id":null,"image_alt_text":"","image_size":"small","heading":"Paul Seguin","content":"Senior Vice President, Large New Nuclear\r\n<strong>Ontario Power Generation<\/strong>","link":null,"custom_navigation_label":""},{"image_id":null,"image_alt_text":"","image_size":"small","heading":"Jeanette Southwood","content":"EVP\r\n<strong>Engineers Canada<\/strong>","link":null,"custom_navigation_label":""},{"image_id":null,"image_alt_text":"","image_size":"small","heading":"Valerie Vanderwyk","content":"Executive Director\r\n<strong>Indigenous Skills Employment Apprenticeship and Development (ISEAD)<\/strong>","link":null,"custom_navigation_label":""},{"image_id":null,"image_alt_text":"","image_size":"small","heading":"John Wabb","content":"Chairperson\r\n<strong>Canadian Union of Skilled Workers<\/strong>","link":null,"custom_navigation_label":""},{"image_id":null,"image_alt_text":"","image_size":"small","heading":"Kevin Weaver","content":"President and CEO\r\n<strong>Georgian College<\/strong>","link":null,"custom_navigation_label":""},{"image_id":null,"image_alt_text":"","image_size":"small","heading":"Dr. Kathy Wilson","content":"President and Vice-Chancellor\r\n<strong>University of New Brunswick<\/strong>","link":null,"custom_navigation_label":""},{"image_id":null,"image_alt_text":"","image_size":"small","heading":"Gillian Whitebread","content":"CHRO\r\n<strong>Hydro One Networks Inc.<\/strong>","link":null,"custom_navigation_label":""},{"image_id":null,"image_alt_text":"","image_size":"small","heading":"Arne Wohlschlegel","content":"President and Managing Director\r\n<strong>Siemens Energy Canada<\/strong>","link":null,"custom_navigation_label":""}]}],"custom_navigation_label":""},{"acf_fc_layout":"content_block","background_colour":"--ehrc-white","heading":"Participez","description":"","rows":[{"acf_fc_layout":"two_columns","column_1":{"type":"text","content":"L\u2019Alliance de la main-d\u2019\u0153uvre du secteur de l\u2019\u00e9nergie et de l\u2019\u00e9lectricit\u00e9 r\u00e9unit des employeurs, des organisations syndicales, des \u00e9tablissements d\u2019enseignement, des partenaires autochtones, des gouvernements et des intervenants de l\u2019industrie afin de relever les d\u00e9fis li\u00e9s \u00e0 la main-d\u2019\u0153uvre dans les secteurs canadiens de l\u2019\u00e9nergie et de l\u2019\u00e9lectricit\u00e9.\r\n\r\nQue vous souhaitiez demeurer inform\u00e9, partager votre expertise ou prendre part \u00e0 de futures initiatives, nous aimerions avoir de vos nouvelles.\r\n<p class=\"body-large\"><strong>Inscrivez-vous pour recevoir des mises \u00e0 jour et conna\u00eetre les occasions de participer aux travaux de l\u2019Alliance.<\/strong><\/p>","aspect_ratio":"4:3","visual_accent":false,"":null,"image_id":null,"image_alt_text":""},"column_2":{"type":"text","content":"[gravityform id=\"29\" title=\"false\" description=\"false\"]","aspect_ratio":"4:3","visual_accent":false,"":null,"image_id":null,"image_alt_text":""}}],"custom_navigation_label":""},{"acf_fc_layout":"content_block","background_colour":"--ehrc-white","heading":"Communiquez avec nous","description":"Vous avez des questions au sujet de l\u2019Alliance de la main-d\u2019\u0153uvre du secteur de l\u2019\u00e9nergie et de l\u2019\u00e9lectricit\u00e9? Nous sommes l\u00e0 pour vous aider.","rows":[{"acf_fc_layout":"two_columns","column_1":{"type":"text","content":"<h5>Demandes g\u00e9n\u00e9rales<\/h5>\r\nPour toute question concernant l\u2019Alliance, les possibilit\u00e9s de partenariat, la participation, les \u00e9v\u00e9nements, la recherche ou d\u2019autres activit\u00e9s :\r\n\r\n<a href=\"mailto:info@ehrc.ca\">info@ehrc.ca<\/a>\r\n<h5>Relations avec les m\u00e9dias<\/h5>\r\nPour les demandes d\u2019entrevue, les questions des m\u00e9dias ou les renseignements concernant les annonces et les activit\u00e9s de l\u2019Alliance :\r\n\r\n<a href=\"mailto:communications@ehrc.ca\">communications@ehrc.ca<\/a>","aspect_ratio":"4:3","visual_accent":false,"":null,"image_id":null,"image_alt_text":""},"column_2":{"type":"image","content":"<h5>Media inquiries<\/h5>\r\nFor interview requests, media questions, or information related to Alliance announcements and activities.\r\n\r\n<a href=\"mailto:communications@ehrc.ca\">communications@ehrc.ca<\/a>","aspect_ratio":"4_3","visual_accent":true,"":null,"image_id":44525,"image_alt_text":"High-voltage powerlines and high-voltage pylons transporting electric power in a lane through a beautiful autumnal forest in the evening light."}}],"custom_navigation_label":""},{"acf_fc_layout":"featured_sponsor","heading":"Financ\u00e9 en partie par le Programme de d\u00e9veloppement de la main-d\u2019\u0153uvre du gouvernement du Canada","description":"","sponsor":{"name":"","image_id":53610,"":null,"descriptor":"","emphasized_text":"Alliances de la main-d\u2019\u0153uvre","content":"B\u00e2tir une main-d\u2019\u0153uvre qualifi\u00e9e et adaptable pour relever les d\u00e9fis \u00e9conomiques d\u2019aujourd\u2019hui.","link":{"title":"En savoir plus","url":"https:\/\/www.canada.ca\/fr\/emploi-developpement-social\/programmes\/alliances-main-doeuvre.html","target":"_blank"}},"custom_navigation_label":""}]},"yoast_head":"<!-- This site is optimized with the Yoast SEO plugin v28.3 - https:\/\/yoast.com\/product\/yoast-seo-wordpress\/ -->\n<title>Alliance de la main-d\u2019\u0153uvre du secteur de l\u2019\u00e9nergie et de l\u2019\u00e9lectricit\u00e9 - EHRC<\/title>\n<meta name=\"description\" content=\"B\u00e2tir la main-d\u2019\u0153uvre n\u00e9cessaire pour alimenter l\u2019avenir \u00e9nerg\u00e9tique du Canada.\" \/>\n<meta name=\"robots\" content=\"index, follow, max-snippet:-1, max-image-preview:large, max-video-preview:-1\" \/>\n<link rel=\"canonical\" href=\"https:\/\/ehrc.ca\/fr\/alliance-main-doeuvre\/\" \/>\n<meta property=\"og:locale\" content=\"fr_FR\" \/>\n<meta property=\"og:type\" content=\"article\" \/>\n<meta property=\"og:title\" content=\"Alliance de la main-d\u2019\u0153uvre du secteur de l\u2019\u00e9nergie et de l\u2019\u00e9lectricit\u00e9 - EHRC\" \/>\n<meta property=\"og:description\" content=\"B\u00e2tir la main-d\u2019\u0153uvre n\u00e9cessaire pour alimenter l\u2019avenir \u00e9nerg\u00e9tique du Canada.\" \/>\n<meta property=\"og:url\" content=\"https:\/\/ehrc.ca\/fr\/alliance-main-doeuvre\/\" \/>\n<meta property=\"og:site_name\" content=\"EHRC\" \/>\n<meta property=\"article:modified_time\" content=\"2026-09-02T19:21:36+00:00\" \/>\n<meta name=\"twitter:card\" content=\"summary_large_image\" \/>\n<script type=\"application\/ld+json\" class=\"yoast-schema-graph\">{\"@context\":\"https:\\\/\\\/schema.org\",\"@graph\":[{\"@type\":\"WebPage\",\"@id\":\"https:\\\/\\\/ehrc.ca\\\/fr\\\/alliance-main-doeuvre\\\/\",\"url\":\"https:\\\/\\\/ehrc.ca\\\/fr\\\/alliance-main-doeuvre\\\/\",\"name\":\"Alliance de la main-d\u2019\u0153uvre du secteur de l\u2019\u00e9nergie et de l\u2019\u00e9lectricit\u00e9 - EHRC\",\"isPartOf\":{\"@id\":\"https:\\\/\\\/ehrc.ca\\\/#website\"},\"datePublished\":\"2026-09-02T18:35:50+00:00\",\"dateModified\":\"2026-09-02T19:21:36+00:00\",\"breadcrumb\":{\"@id\":\"https:\\\/\\\/ehrc.ca\\\/fr\\\/alliance-main-doeuvre\\\/#breadcrumb\"},\"inLanguage\":\"fr-FR\",\"potentialAction\":[{\"@type\":\"ReadAction\",\"target\":[\"https:\\\/\\\/ehrc.ca\\\/fr\\\/alliance-main-doeuvre\\\/\"]}]},{\"@type\":\"BreadcrumbList\",\"@id\":\"https:\\\/\\\/ehrc.ca\\\/fr\\\/alliance-main-doeuvre\\\/#breadcrumb\",\"itemListElement\":[{\"@type\":\"ListItem\",\"position\":1,\"name\":\"Home\",\"item\":\"https:\\\/\\\/ehrc.ca\\\/fr\\\/\"},{\"@type\":\"ListItem\",\"position\":2,\"name\":\"Alliance de la main-d\u2019\u0153uvre du secteur de l\u2019\u00e9nergie et de l\u2019\u00e9lectricit\u00e9\"}]},{\"@type\":\"WebSite\",\"@id\":\"https:\\\/\\\/ehrc.ca\\\/#website\",\"url\":\"https:\\\/\\\/ehrc.ca\\\/\",\"name\":\"EHRC\",\"description\":\"Improving our industry, together.\",\"potentialAction\":[{\"@type\":\"SearchAction\",\"target\":{\"@type\":\"EntryPoint\",\"urlTemplate\":\"https:\\\/\\\/ehrc.ca\\\/?s={search_term_string}\"},\"query-input\":{\"@type\":\"PropertyValueSpecification\",\"valueRequired\":true,\"valueName\":\"search_term_string\"}}],\"inLanguage\":\"fr-FR\"}]}<\/script>\n<!-- \/ Yoast SEO plugin. -->","yoast_head_json":{"title":"Alliance de la main-d\u2019\u0153uvre du secteur de l\u2019\u00e9nergie et de l\u2019\u00e9lectricit\u00e9 - EHRC","description":"B\u00e2tir la main-d\u2019\u0153uvre n\u00e9cessaire pour alimenter l\u2019avenir \u00e9nerg\u00e9tique du Canada.","robots":{"index":"index","follow":"follow","max-snippet":"max-snippet:-1","max-image-preview":"max-image-preview:large","max-video-preview":"max-video-preview:-1"},"canonical":"https:\/\/ehrc.ca\/fr\/alliance-main-doeuvre\/","og_locale":"fr_FR","og_type":"article","og_title":"Alliance de la main-d\u2019\u0153uvre du secteur de l\u2019\u00e9nergie et de l\u2019\u00e9lectricit\u00e9 - EHRC","og_description":"B\u00e2tir la main-d\u2019\u0153uvre n\u00e9cessaire pour alimenter l\u2019avenir \u00e9nerg\u00e9tique du Canada.","og_url":"https:\/\/ehrc.ca\/fr\/alliance-main-doeuvre\/","og_site_name":"EHRC","article_modified_time":"2026-09-02T19:21:36+00:00","twitter_card":"summary_large_image","schema":{"@context":"https:\/\/schema.org","@graph":[{"@type":"WebPage","@id":"https:\/\/ehrc.ca\/fr\/alliance-main-doeuvre\/","url":"https:\/\/ehrc.ca\/fr\/alliance-main-doeuvre\/","name":"Alliance de la main-d\u2019\u0153uvre du secteur de l\u2019\u00e9nergie et de l\u2019\u00e9lectricit\u00e9 - EHRC","isPartOf":{"@id":"https:\/\/ehrc.ca\/#website"},"datePublished":"2026-09-02T18:35:50+00:00","dateModified":"2026-09-02T19:21:36+00:00","breadcrumb":{"@id":"https:\/\/ehrc.ca\/fr\/alliance-main-doeuvre\/#breadcrumb"},"inLanguage":"fr-FR","potentialAction":[{"@type":"ReadAction","target":["https:\/\/ehrc.ca\/fr\/alliance-main-doeuvre\/"]}]},{"@type":"BreadcrumbList","@id":"https:\/\/ehrc.ca\/fr\/alliance-main-doeuvre\/#breadcrumb","itemListElement":[{"@type":"ListItem","position":1,"name":"Home","item":"https:\/\/ehrc.ca\/fr\/"},{"@type":"ListItem","position":2,"name":"Alliance de la main-d\u2019\u0153uvre du secteur de l\u2019\u00e9nergie et de l\u2019\u00e9lectricit\u00e9"}]},{"@type":"WebSite","@id":"https:\/\/ehrc.ca\/#website","url":"https:\/\/ehrc.ca\/","name":"EHRC","description":"Improving our industry, together.","potentialAction":[{"@type":"SearchAction","target":{"@type":"EntryPoint","urlTemplate":"https:\/\/ehrc.ca\/?s={search_term_string}"},"query-input":{"@type":"PropertyValueSpecification","valueRequired":true,"valueName":"search_term_string"}}],"inLanguage":"fr-FR"}]}},"_links":{"self":[{"href":"https:\/\/ehrc.ca\/fr\/wp-json\/wp\/v2\/pages\/56575","targetHints":{"allow":["GET"]}}],"collection":[{"href":"https:\/\/ehrc.ca\/fr\/wp-json\/wp\/v2\/pages"}],"about":[{"href":"https:\/\/ehrc.ca\/fr\/wp-json\/wp\/v2\/types\/page"}],"author":[{"embeddable":true,"href":"https:\/\/ehrc.ca\/fr\/wp-json\/wp\/v2\/users\/36"}],"replies":[{"embeddable":true,"href":"https:\/\/ehrc.ca\/fr\/wp-json\/wp\/v2\/comments?post=56575"}],"version-history":[{"count":2,"href":"https:\/\/ehrc.ca\/fr\/wp-json\/wp\/v2\/pages\/56575\/revisions"}],"predecessor-version":[{"id":56579,"href":"https:\/\/ehrc.ca\/fr\/wp-json\/wp\/v2\/pages\/56575\/revisions\/56579"}],"wp:attachment":[{"href":"https:\/\/ehrc.ca\/fr\/wp-json\/wp\/v2\/media?parent=56575"}],"wp:term":[{"taxonomy":"category","embeddable":true,"href":"https:\/\/ehrc.ca\/fr\/wp-json\/wp\/v2\/categories?post=56575"}],"curies":[{"name":"wp","href":"https:\/\/api.w.org\/{rel}","templated":true}]}}